{"id":110,"date":"2024-11-01T22:03:16","date_gmt":"2024-11-01T21:03:16","guid":{"rendered":"https:\/\/fenstbau.com\/?page_id=110"},"modified":"2024-11-24T09:07:08","modified_gmt":"2024-11-24T08:07:08","slug":"home","status":"publish","type":"page","link":"https:\/\/fenstbau.com\/de\/","title":{"rendered":"Startseite"},"content":{"rendered":"<h1 class=\"wp-block-heading\">Ihre perfekten Fenster, T\u00fcren und Rolll\u00e4den - entworfen, gebaut, installiert<\/h1>\n\n<p>Unsere schl\u00fcsselfertige L\u00f6sung f\u00fcr die Modernisierung oder den Neubau Ihres Hauses mit deutscher Technologie.&nbsp;&nbsp;<\/p>\n\n<div class=\"wp-block-buttons is-layout-flex wp-block-buttons-is-layout-flex\"><div class=\"wp-block-button\"><a class=\"wp-block-button__link\">Angebot anfordern<\/a><\/div><\/div>\n\n<figure class=\"wp-block-image size-large\"><img loading=\"lazy\" decoding=\"async\" width=\"683\" height=\"1024\" src=\"https:\/\/fenstbau.com\/wp-content\/uploads\/2024\/10\/ai-generated-modern-styled-entryway-683x1024.jpg\" alt class=\"wp-image-70\" srcset=\"https:\/\/fenstbau.com\/wp-content\/uploads\/2024\/10\/ai-generated-modern-styled-entryway-683x1024.jpg 683w, https:\/\/fenstbau.com\/wp-content\/uploads\/2024\/10\/ai-generated-modern-styled-entryway-200x300.jpg 200w, https:\/\/fenstbau.com\/wp-content\/uploads\/2024\/10\/ai-generated-modern-styled-entryway-768x1152.jpg 768w, https:\/\/fenstbau.com\/wp-content\/uploads\/2024\/10\/ai-generated-modern-styled-entryway-1024x1536.jpg 1024w, https:\/\/fenstbau.com\/wp-content\/uploads\/2024\/10\/ai-generated-modern-styled-entryway-1365x2048.jpg 1365w, https:\/\/fenstbau.com\/wp-content\/uploads\/2024\/10\/ai-generated-modern-styled-entryway-scaled.jpg 1707w\" sizes=\"auto, (max-width: 683px) 100vw, 683px\" \/><\/figure>\n\n<figure class=\"wp-block-image size-large\"><img loading=\"lazy\" decoding=\"async\" width=\"819\" height=\"1024\" src=\"https:\/\/fenstbau.com\/wp-content\/uploads\/2024\/11\/front-restaurant-window-819x1024.jpg\" alt class=\"wp-image-128\" srcset=\"https:\/\/fenstbau.com\/wp-content\/uploads\/2024\/11\/front-restaurant-window-819x1024.jpg 819w, https:\/\/fenstbau.com\/wp-content\/uploads\/2024\/11\/front-restaurant-window-240x300.jpg 240w, https:\/\/fenstbau.com\/wp-content\/uploads\/2024\/11\/front-restaurant-window-768x960.jpg 768w, https:\/\/fenstbau.com\/wp-content\/uploads\/2024\/11\/front-restaurant-window-1229x1536.jpg 1229w, https:\/\/fenstbau.com\/wp-content\/uploads\/2024\/11\/front-restaurant-window-1638x2048.jpg 1638w, https:\/\/fenstbau.com\/wp-content\/uploads\/2024\/11\/front-restaurant-window-scaled.jpg 2048w\" sizes=\"auto, (max-width: 819px) 100vw, 819px\" \/><\/figure>\n\n<figure class=\"wp-block-image size-large\"><img decoding=\"async\" src=\"https:\/\/fenstbau.com\/wp-content\/uploads\/2024\/10\/01-OptiPro-PVC-EN_page-0005-1024x535.jpg\" alt class=\"wp-image-53\" width=\"180\" srcset=\"https:\/\/fenstbau.com\/wp-content\/uploads\/2024\/10\/01-OptiPro-PVC-EN_page-0005-1024x535.jpg 1024w, https:\/\/fenstbau.com\/wp-content\/uploads\/2024\/10\/01-OptiPro-PVC-EN_page-0005-300x157.jpg 300w, https:\/\/fenstbau.com\/wp-content\/uploads\/2024\/10\/01-OptiPro-PVC-EN_page-0005-768x402.jpg 768w, https:\/\/fenstbau.com\/wp-content\/uploads\/2024\/10\/01-OptiPro-PVC-EN_page-0005-1536x803.jpg 1536w, https:\/\/fenstbau.com\/wp-content\/uploads\/2024\/10\/01-OptiPro-PVC-EN_page-0005-2048x1071.jpg 2048w\" sizes=\"(max-width: 1024px) 100vw, 1024px\" \/><\/figure>\n\n<h2 class=\"wp-block-heading\">Ihre Wahl, unsere langfristige Garantie<\/h2>\n\n<p>Auf unsere Produkte und Arbeiten gew\u00e4hren wir eine mehrj\u00e4hrige Garantie, so dass Sie Ihr Zuhause oder Ihren Arbeitsplatz beruhigt genie\u00dfen k\u00f6nnen.<\/p>\n\n<figure class=\"wp-block-image size-large\"><img loading=\"lazy\" decoding=\"async\" width=\"1024\" height=\"654\" src=\"https:\/\/fenstbau.com\/wp-content\/uploads\/2024\/10\/glass-window-overlooking-green-garden-1024x654.jpg\" alt class=\"wp-image-74\" srcset=\"https:\/\/fenstbau.com\/wp-content\/uploads\/2024\/10\/glass-window-overlooking-green-garden-1024x654.jpg 1024w, https:\/\/fenstbau.com\/wp-content\/uploads\/2024\/10\/glass-window-overlooking-green-garden-300x191.jpg 300w, https:\/\/fenstbau.com\/wp-content\/uploads\/2024\/10\/glass-window-overlooking-green-garden-768x490.jpg 768w, https:\/\/fenstbau.com\/wp-content\/uploads\/2024\/10\/glass-window-overlooking-green-garden-1536x980.jpg 1536w\" sizes=\"auto, (max-width: 1024px) 100vw, 1024px\" \/><\/figure>\n\n<p>Unsere T\u00fcren, Fenster und Fensterl\u00e4den sind so konzipiert, dass sie Licht, W\u00e4rme und Sicherheit in einem eleganten Stil bieten.<\/p>\n\n<figure class=\"wp-block-image size-large\"><img decoding=\"async\" src=\"https:\/\/fenstbau.com\/wp-content\/uploads\/2024\/11\/8-978x1024.jpg\" alt class=\"wp-image-241\" width=\"300\" srcset=\"https:\/\/fenstbau.com\/wp-content\/uploads\/2024\/11\/8-978x1024.jpg 978w, https:\/\/fenstbau.com\/wp-content\/uploads\/2024\/11\/8-286x300.jpg 286w, https:\/\/fenstbau.com\/wp-content\/uploads\/2024\/11\/8-768x805.jpg 768w, https:\/\/fenstbau.com\/wp-content\/uploads\/2024\/11\/8-1466x1536.jpg 1466w, https:\/\/fenstbau.com\/wp-content\/uploads\/2024\/11\/8-1955x2048.jpg 1955w\" sizes=\"(max-width: 978px) 100vw, 978px\" \/><\/figure>\n\n<figure class=\"wp-block-image size-large\"><img decoding=\"async\" src=\"https:\/\/fenstbau.com\/wp-content\/uploads\/2024\/11\/upvc-window-683x1024.jpg\" alt class=\"wp-image-177\" width=\"180\" srcset=\"https:\/\/fenstbau.com\/wp-content\/uploads\/2024\/11\/upvc-window-683x1024.jpg 683w, https:\/\/fenstbau.com\/wp-content\/uploads\/2024\/11\/upvc-window-200x300.jpg 200w, https:\/\/fenstbau.com\/wp-content\/uploads\/2024\/11\/upvc-window-768x1152.jpg 768w, https:\/\/fenstbau.com\/wp-content\/uploads\/2024\/11\/upvc-window-1024x1536.jpg 1024w, https:\/\/fenstbau.com\/wp-content\/uploads\/2024\/11\/upvc-window-1365x2048.jpg 1365w, https:\/\/fenstbau.com\/wp-content\/uploads\/2024\/11\/upvc-window-scaled.jpg 1706w\" sizes=\"(max-width: 683px) 100vw, 683px\" \/><\/figure>\n\n<h3 class=\"wp-block-heading\">R\u00fcsten Sie Ihr Zuhause auf, um es in Licht, W\u00e4rme und Sicherheit zu genie\u00dfen&nbsp;<\/h3>\n\n<h1 class=\"wp-block-heading\">M\u00f6chten Sie aufr\u00fcsten?<\/h1>\n\n<p>Wir k\u00f6nnen eine Vielzahl von Optionen f\u00fcr Ihre Anforderungen und Ihr Budget anbieten.  Unsere Produkte k\u00f6nnen aus PVC, Aluminium oder Holz hergestellt werden.<\/p>\n\n<h3 class=\"wp-block-heading\">Lassen Sie uns reden<\/h3>\n\n<p>Nehmen Sie Kontakt mit uns auf und teilen Sie uns Ihren Bedarf mit.  Wir werden Ihnen bei Ihrem Projekt helfen.<\/p>\n\n<div class=\"wp-block-buttons is-layout-flex wp-block-buttons-is-layout-flex\"><div class=\"wp-block-button\"><a class=\"wp-block-button__link\">Kontakt<\/a><\/div><\/div>\n\n<h2 class=\"wp-block-heading\">Unsere Experten sind Ihr unterst\u00fctzendes Team&nbsp;<\/h2>\n\n<p>Unser sehr erfahrenes Team unterst\u00fctzt Sie bei Ihrem Projekt.&nbsp;&nbsp;<\/p><p>Vom Aufma\u00df \u00fcber die Planung bis zur Montage sind wir Ihr Partner f\u00fcr Ihr Bauvorhaben.&nbsp;&nbsp;<\/p>\n\n<figure class=\"wp-block-image size-large\"><img loading=\"lazy\" decoding=\"async\" width=\"1024\" height=\"683\" src=\"https:\/\/fenstbau.com\/wp-content\/uploads\/2024\/11\/window-installation-loft-build-extension-1024x683.jpg\" alt class=\"wp-image-127\" srcset=\"https:\/\/fenstbau.com\/wp-content\/uploads\/2024\/11\/window-installation-loft-build-extension-1024x683.jpg 1024w, https:\/\/fenstbau.com\/wp-content\/uploads\/2024\/11\/window-installation-loft-build-extension-300x200.jpg 300w, https:\/\/fenstbau.com\/wp-content\/uploads\/2024\/11\/window-installation-loft-build-extension-768x512.jpg 768w, https:\/\/fenstbau.com\/wp-content\/uploads\/2024\/11\/window-installation-loft-build-extension-1536x1024.jpg 1536w, https:\/\/fenstbau.com\/wp-content\/uploads\/2024\/11\/window-installation-loft-build-extension-2048x1365.jpg 2048w\" sizes=\"auto, (max-width: 1024px) 100vw, 1024px\" \/><\/figure>\n\n<figure class=\"wp-block-image size-full\"><img decoding=\"async\" src=\"https:\/\/fenstbau.com\/wp-content\/uploads\/2024\/11\/21.jpg\" alt class=\"wp-image-254\" width=\"150\" srcset=\"https:\/\/fenstbau.com\/wp-content\/uploads\/2024\/11\/21.jpg 395w, https:\/\/fenstbau.com\/wp-content\/uploads\/2024\/11\/21-291x300.jpg 291w\" sizes=\"(max-width: 395px) 100vw, 395px\" \/><\/figure>\n\n<h2 class=\"wp-block-heading\">Erschwinglich, stilvoll und energieeffizient - Fenster, T\u00fcren und Rolll\u00e4den nach Ihren W\u00fcnschen&nbsp;<\/h2>\n\n<p>Erschwingliche, energieeffiziente und ma\u00dfgefertigte Fenster-, T\u00fcr- und Rollladensysteme, die auf Ihre Bed\u00fcrfnisse zugeschnitten sind<\/p>\n\n<p>Unsere hochwertigen Fenster- und T\u00fcrsysteme sind erschwinglich und bieten dennoch einen deutlichen Leistungssprung gegen\u00fcber herk\u00f6mmlichen Fenstern und T\u00fcren f\u00fcr den Hausgebrauch. Mit beeindruckender W\u00e4rmed\u00e4mmung, langfristiger Haltbarkeit und individuellen Farb-, Design- und Beschlagsoptionen bieten unsere Fenster ein hervorragendes Preis-Leistungs-Verh\u00e4ltnis f\u00fcr alle, die ein Maximum an Leistung f\u00fcr ein kleines Budget suchen. Ob Ersatz oder Neubau, Energieeinsparung oder zertifiziertes Passivhaus, unsere Fenster bieten die Flexibilit\u00e4t und die D\u00e4mmwerte, um die Anforderungen jedes Projekts zu erf\u00fcllen.<\/p>\n\n<figure class=\"wp-block-image size-large\"><img loading=\"lazy\" decoding=\"async\" width=\"683\" height=\"1024\" src=\"https:\/\/fenstbau.com\/wp-content\/uploads\/2024\/11\/aluminium-floor-to-ceiling-windows-683x1024.jpg\" alt class=\"wp-image-123\" srcset=\"https:\/\/fenstbau.com\/wp-content\/uploads\/2024\/11\/aluminium-floor-to-ceiling-windows-683x1024.jpg 683w, https:\/\/fenstbau.com\/wp-content\/uploads\/2024\/11\/aluminium-floor-to-ceiling-windows-200x300.jpg 200w, https:\/\/fenstbau.com\/wp-content\/uploads\/2024\/11\/aluminium-floor-to-ceiling-windows-768x1152.jpg 768w, https:\/\/fenstbau.com\/wp-content\/uploads\/2024\/11\/aluminium-floor-to-ceiling-windows-1024x1536.jpg 1024w, https:\/\/fenstbau.com\/wp-content\/uploads\/2024\/11\/aluminium-floor-to-ceiling-windows-1365x2048.jpg 1365w, https:\/\/fenstbau.com\/wp-content\/uploads\/2024\/11\/aluminium-floor-to-ceiling-windows-scaled.jpg 1707w\" sizes=\"auto, (max-width: 683px) 100vw, 683px\" \/><\/figure>\n\n<figure class=\"wp-block-image size-large\"><img loading=\"lazy\" decoding=\"async\" width=\"1024\" height=\"683\" src=\"https:\/\/fenstbau.com\/wp-content\/uploads\/2024\/10\/window-interior-wall-partition-aluminium-1024x683.jpg\" alt class=\"wp-image-76\" srcset=\"https:\/\/fenstbau.com\/wp-content\/uploads\/2024\/10\/window-interior-wall-partition-aluminium-1024x683.jpg 1024w, https:\/\/fenstbau.com\/wp-content\/uploads\/2024\/10\/window-interior-wall-partition-aluminium-300x200.jpg 300w, https:\/\/fenstbau.com\/wp-content\/uploads\/2024\/10\/window-interior-wall-partition-aluminium-768x512.jpg 768w, https:\/\/fenstbau.com\/wp-content\/uploads\/2024\/10\/window-interior-wall-partition-aluminium-1536x1024.jpg 1536w\" sizes=\"auto, (max-width: 1024px) 100vw, 1024px\" \/><\/figure>\n\n<figure class=\"wp-block-image size-large\"><img loading=\"lazy\" decoding=\"async\" width=\"1024\" height=\"683\" src=\"https:\/\/fenstbau.com\/wp-content\/uploads\/2024\/11\/building-glass-entrance-1024x683.jpg\" alt class=\"wp-image-124\" srcset=\"https:\/\/fenstbau.com\/wp-content\/uploads\/2024\/11\/building-glass-entrance-1024x683.jpg 1024w, https:\/\/fenstbau.com\/wp-content\/uploads\/2024\/11\/building-glass-entrance-300x200.jpg 300w, https:\/\/fenstbau.com\/wp-content\/uploads\/2024\/11\/building-glass-entrance-768x512.jpg 768w, https:\/\/fenstbau.com\/wp-content\/uploads\/2024\/11\/building-glass-entrance-1536x1024.jpg 1536w, https:\/\/fenstbau.com\/wp-content\/uploads\/2024\/11\/building-glass-entrance-2048x1365.jpg 2048w\" sizes=\"auto, (max-width: 1024px) 100vw, 1024px\" \/><\/figure>\n\n<h3 class=\"has-text-align-center wp-block-heading\">Auswahl der Farben<\/h3>\n\n<figure class=\"wp-block-image size-large\"><img loading=\"lazy\" decoding=\"async\" width=\"1024\" height=\"535\" src=\"https:\/\/fenstbau.com\/wp-content\/uploads\/2024\/10\/01-OptiPro-PVC-EN_page-0018-1024x535.jpg\" alt class=\"wp-image-66\" srcset=\"https:\/\/fenstbau.com\/wp-content\/uploads\/2024\/10\/01-OptiPro-PVC-EN_page-0018-1024x535.jpg 1024w, https:\/\/fenstbau.com\/wp-content\/uploads\/2024\/10\/01-OptiPro-PVC-EN_page-0018-300x157.jpg 300w, https:\/\/fenstbau.com\/wp-content\/uploads\/2024\/10\/01-OptiPro-PVC-EN_page-0018-768x402.jpg 768w, https:\/\/fenstbau.com\/wp-content\/uploads\/2024\/10\/01-OptiPro-PVC-EN_page-0018-1536x803.jpg 1536w, https:\/\/fenstbau.com\/wp-content\/uploads\/2024\/10\/01-OptiPro-PVC-EN_page-0018-2048x1071.jpg 2048w\" sizes=\"auto, (max-width: 1024px) 100vw, 1024px\" \/><\/figure>\n\n<h3 class=\"has-text-align-center wp-block-heading\">Auswahl der Materialien<\/h3>\n\n<figure class=\"wp-block-image size-large\"><img loading=\"lazy\" decoding=\"async\" width=\"1024\" height=\"535\" src=\"https:\/\/fenstbau.com\/wp-content\/uploads\/2024\/10\/01-OptiPro-PVC-EN_page-0017-1024x535.jpg\" alt class=\"wp-image-65\" srcset=\"https:\/\/fenstbau.com\/wp-content\/uploads\/2024\/10\/01-OptiPro-PVC-EN_page-0017-1024x535.jpg 1024w, https:\/\/fenstbau.com\/wp-content\/uploads\/2024\/10\/01-OptiPro-PVC-EN_page-0017-300x157.jpg 300w, https:\/\/fenstbau.com\/wp-content\/uploads\/2024\/10\/01-OptiPro-PVC-EN_page-0017-768x402.jpg 768w, https:\/\/fenstbau.com\/wp-content\/uploads\/2024\/10\/01-OptiPro-PVC-EN_page-0017-1536x803.jpg 1536w, https:\/\/fenstbau.com\/wp-content\/uploads\/2024\/10\/01-OptiPro-PVC-EN_page-0017-2048x1071.jpg 2048w\" sizes=\"auto, (max-width: 1024px) 100vw, 1024px\" \/><\/figure>\n\n<h3 class=\"has-text-align-center wp-block-heading\">Auswahl an Zubeh\u00f6r<\/h3>\n\n<figure class=\"wp-block-image size-medium\"><img loading=\"lazy\" decoding=\"async\" width=\"300\" height=\"157\" src=\"https:\/\/fenstbau.com\/wp-content\/uploads\/2024\/10\/01-OptiPro-PVC-EN_page-0015-300x157.jpg\" alt class=\"wp-image-63\" srcset=\"https:\/\/fenstbau.com\/wp-content\/uploads\/2024\/10\/01-OptiPro-PVC-EN_page-0015-300x157.jpg 300w, https:\/\/fenstbau.com\/wp-content\/uploads\/2024\/10\/01-OptiPro-PVC-EN_page-0015-1024x535.jpg 1024w, https:\/\/fenstbau.com\/wp-content\/uploads\/2024\/10\/01-OptiPro-PVC-EN_page-0015-768x402.jpg 768w, https:\/\/fenstbau.com\/wp-content\/uploads\/2024\/10\/01-OptiPro-PVC-EN_page-0015-1536x803.jpg 1536w, https:\/\/fenstbau.com\/wp-content\/uploads\/2024\/10\/01-OptiPro-PVC-EN_page-0015-2048x1071.jpg 2048w\" sizes=\"auto, (max-width: 300px) 100vw, 300px\" \/><\/figure>\n\n<h3 class=\"has-text-align-center wp-block-heading\">Wahl des Designs<\/h3>\n\n<figure class=\"wp-block-image size-medium\"><img loading=\"lazy\" decoding=\"async\" width=\"184\" height=\"300\" src=\"https:\/\/fenstbau.com\/wp-content\/uploads\/2024\/11\/different-shapes-windows-184x300.jpg\" alt class=\"wp-image-180\" srcset=\"https:\/\/fenstbau.com\/wp-content\/uploads\/2024\/11\/different-shapes-windows-184x300.jpg 184w, https:\/\/fenstbau.com\/wp-content\/uploads\/2024\/11\/different-shapes-windows-628x1024.jpg 628w, https:\/\/fenstbau.com\/wp-content\/uploads\/2024\/11\/different-shapes-windows-768x1253.jpg 768w, https:\/\/fenstbau.com\/wp-content\/uploads\/2024\/11\/different-shapes-windows-941x1536.jpg 941w, https:\/\/fenstbau.com\/wp-content\/uploads\/2024\/11\/different-shapes-windows-1255x2048.jpg 1255w, https:\/\/fenstbau.com\/wp-content\/uploads\/2024\/11\/different-shapes-windows-scaled.jpg 1569w\" sizes=\"auto, (max-width: 184px) 100vw, 184px\" \/><\/figure>\n\n<h3 class=\"has-text-align-center wp-block-heading\">Wahl der Qualit\u00e4t<\/h3>\n\n<figure class=\"wp-block-image size-medium\"><img loading=\"lazy\" decoding=\"async\" width=\"300\" height=\"157\" src=\"https:\/\/fenstbau.com\/wp-content\/uploads\/2024\/10\/01-OptiPro-PVC-EN_page-0010-300x157.jpg\" alt class=\"wp-image-58\" srcset=\"https:\/\/fenstbau.com\/wp-content\/uploads\/2024\/10\/01-OptiPro-PVC-EN_page-0010-300x157.jpg 300w, https:\/\/fenstbau.com\/wp-content\/uploads\/2024\/10\/01-OptiPro-PVC-EN_page-0010-1024x535.jpg 1024w, https:\/\/fenstbau.com\/wp-content\/uploads\/2024\/10\/01-OptiPro-PVC-EN_page-0010-768x402.jpg 768w, https:\/\/fenstbau.com\/wp-content\/uploads\/2024\/10\/01-OptiPro-PVC-EN_page-0010-1536x803.jpg 1536w, https:\/\/fenstbau.com\/wp-content\/uploads\/2024\/10\/01-OptiPro-PVC-EN_page-0010-2048x1071.jpg 2048w\" sizes=\"auto, (max-width: 300px) 100vw, 300px\" \/><\/figure>\n\n<h3 class=\"has-text-align-center wp-block-heading\">Langfristige Garantie<\/h3>\n\n<figure class=\"wp-block-image size-medium\"><img loading=\"lazy\" decoding=\"async\" width=\"233\" height=\"300\" src=\"https:\/\/fenstbau.com\/wp-content\/uploads\/2024\/11\/window-in-black-upvc-233x300.jpg\" alt class=\"wp-image-145\" srcset=\"https:\/\/fenstbau.com\/wp-content\/uploads\/2024\/11\/window-in-black-upvc-233x300.jpg 233w, https:\/\/fenstbau.com\/wp-content\/uploads\/2024\/11\/window-in-black-upvc-797x1024.jpg 797w, https:\/\/fenstbau.com\/wp-content\/uploads\/2024\/11\/window-in-black-upvc-768x987.jpg 768w, https:\/\/fenstbau.com\/wp-content\/uploads\/2024\/11\/window-in-black-upvc-1195x1536.jpg 1195w, https:\/\/fenstbau.com\/wp-content\/uploads\/2024\/11\/window-in-black-upvc.jpg 1556w\" sizes=\"auto, (max-width: 233px) 100vw, 233px\" \/><\/figure>\n\n<h2 class=\"wp-block-heading\">Unsere Produkte&nbsp;<\/h2>\n\n<h3 class=\"wp-block-heading\">Fenster<\/h3>\n\n<figure class=\"wp-block-image size-large\"><img loading=\"lazy\" decoding=\"async\" width=\"984\" height=\"1024\" src=\"https:\/\/fenstbau.com\/wp-content\/uploads\/2024\/11\/14-2-984x1024.jpg\" alt class=\"wp-image-520\" srcset=\"https:\/\/fenstbau.com\/wp-content\/uploads\/2024\/11\/14-2-984x1024.jpg 984w, https:\/\/fenstbau.com\/wp-content\/uploads\/2024\/11\/14-2-288x300.jpg 288w, https:\/\/fenstbau.com\/wp-content\/uploads\/2024\/11\/14-2-768x800.jpg 768w, https:\/\/fenstbau.com\/wp-content\/uploads\/2024\/11\/14-2-1475x1536.jpg 1475w, https:\/\/fenstbau.com\/wp-content\/uploads\/2024\/11\/14-2-1967x2048.jpg 1967w\" sizes=\"auto, (max-width: 984px) 100vw, 984px\" \/><\/figure>\n\nUnsere ma\u00dfgefertigten Fenster bieten Sch\u00f6nheit, W\u00e4rmeleistung und zahlreiche Gestaltungsm\u00f6glichkeiten f\u00fcr jedes Projekt. <br><br>Alle unsere Fenster werden 100% entworfen, ma\u00dfgefertigt und in unseren europ\u00e4ischen Produktionsst\u00e4tten montiert, einschlie\u00dflich der Beschl\u00e4ge. Dies gew\u00e4hrleistet, dass unsere Kunden ein hochwertiges Produkt von au\u00dfergew\u00f6hnlicher Qualit\u00e4t und Leistung erhalten.&nbsp;&nbsp;\n\n<h3 class=\"wp-block-heading\">T\u00fcren<\/h3>\n\n<figure class=\"wp-block-image size-large\"><img loading=\"lazy\" decoding=\"async\" width=\"978\" height=\"1024\" src=\"https:\/\/fenstbau.com\/wp-content\/uploads\/2024\/11\/26-978x1024.jpg\" alt class=\"wp-image-532\" srcset=\"https:\/\/fenstbau.com\/wp-content\/uploads\/2024\/11\/26-978x1024.jpg 978w, https:\/\/fenstbau.com\/wp-content\/uploads\/2024\/11\/26-286x300.jpg 286w, https:\/\/fenstbau.com\/wp-content\/uploads\/2024\/11\/26-768x804.jpg 768w, https:\/\/fenstbau.com\/wp-content\/uploads\/2024\/11\/26-1466x1536.jpg 1466w, https:\/\/fenstbau.com\/wp-content\/uploads\/2024\/11\/26-1955x2048.jpg 1955w\" sizes=\"auto, (max-width: 978px) 100vw, 978px\" \/><\/figure>\n\nOb Haust\u00fcren, Balkont\u00fcren oder Innent\u00fcren, wir entwerfen und fertigen sie individuell nach Ihren Bed\u00fcrfnissen und dem gew\u00fcnschten \u00d6ffnungsstil:&nbsp; <br><br>- Fenstert\u00fcren (seitlich an Scharnieren befestigt, die ein- und ausschwenken)\n<br>- Heben und Schieben\n<br>- Bifaltt\u00fcren (auch: Faltt\u00fcren genannt)\n<br>- Kippen und Schieben\n\n<h3 class=\"wp-block-heading\">Fensterl\u00e4den<\/h3>\n\n<figure class=\"wp-block-image size-large\"><img loading=\"lazy\" decoding=\"async\" width=\"981\" height=\"1024\" src=\"https:\/\/fenstbau.com\/wp-content\/uploads\/2024\/11\/11-1-981x1024.jpg\" alt class=\"wp-image-397\" srcset=\"https:\/\/fenstbau.com\/wp-content\/uploads\/2024\/11\/11-1-981x1024.jpg 981w, https:\/\/fenstbau.com\/wp-content\/uploads\/2024\/11\/11-1-287x300.jpg 287w, https:\/\/fenstbau.com\/wp-content\/uploads\/2024\/11\/11-1-768x802.jpg 768w, https:\/\/fenstbau.com\/wp-content\/uploads\/2024\/11\/11-1.jpg 1182w\" sizes=\"auto, (max-width: 981px) 100vw, 981px\" \/><\/figure>\n\nUnsere traditionellen Falt- und modernen Rollladensysteme sind so konzipiert, dass sie sich in Ihr Geb\u00e4ude einf\u00fcgen und neben einfachem Sonnenschutz auch W\u00e4rme- und Schalld\u00e4mmung sowie erh\u00f6hte Sicherheit f\u00fcr Ihr Haus bieten. <br><br>Unsere modernen Designs, die attraktive \u00c4sthetik und die verschiedenen Installationsarten bieten eine L\u00f6sung f\u00fcr jedes Projekt.\n\n<h3 class=\"has-text-align-center wp-block-heading\">Unsere Zulieferer und Partner&nbsp;<\/h3>\n\nWir arbeiten mit den zuverl\u00e4ssigsten Partnern zusammen, um Ihnen unsere hochwertigen Produkte anbieten zu k\u00f6nnen","protected":false},"excerpt":{"rendered":"<p>Ihre perfekten Fenster, T\u00fcren und Rolll\u00e4den - entworfen, gebaut, installiert Unsere deutsche Technologie bietet Ihnen eine schl\u00fcsselfertige L\u00f6sung f\u00fcr die Modernisierung oder den Neubau Ihres Hauses.   Ihre Wahl, unsere Langzeitgarantie Auf unsere Produkte und Arbeiten gew\u00e4hren wir eine mehrj\u00e4hrige Garantie, damit Sie Ihr Zuhause oder Ihren Arbeitsbereich in aller Ruhe genie\u00dfen k\u00f6nnen. Unsere T\u00fcren, Fenster und Fensterl\u00e4den sind so konzipiert, dass sie [...]<\/p>","protected":false},"author":1,"featured_media":276,"parent":0,"menu_order":0,"comment_status":"closed","ping_status":"closed","template":"","meta":{"footnotes":""},"class_list":["post-110","page","type-page","status-publish","has-post-thumbnail","hentry"],"_links":{"self":[{"href":"https:\/\/fenstbau.com\/de\/wp-json\/wp\/v2\/pages\/110","targetHints":{"allow":["GET"]}}],"collection":[{"href":"https:\/\/fenstbau.com\/de\/wp-json\/wp\/v2\/pages"}],"about":[{"href":"https:\/\/fenstbau.com\/de\/wp-json\/wp\/v2\/types\/page"}],"author":[{"embeddable":true,"href":"https:\/\/fenstbau.com\/de\/wp-json\/wp\/v2\/users\/1"}],"replies":[{"embeddable":true,"href":"https:\/\/fenstbau.com\/de\/wp-json\/wp\/v2\/comments?post=110"}],"version-history":[{"count":93,"href":"https:\/\/fenstbau.com\/de\/wp-json\/wp\/v2\/pages\/110\/revisions"}],"predecessor-version":[{"id":726,"href":"https:\/\/fenstbau.com\/de\/wp-json\/wp\/v2\/pages\/110\/revisions\/726"}],"wp:featuredmedia":[{"embeddable":true,"href":"https:\/\/fenstbau.com\/de\/wp-json\/wp\/v2\/media\/276"}],"wp:attachment":[{"href":"https:\/\/fenstbau.com\/de\/wp-json\/wp\/v2\/media?parent=110"}],"curies":[{"name":"wp","href":"https:\/\/api.w.org\/{rel}","templated":true}]}}